{"id":1416,"date":"2024-08-01T09:39:51","date_gmt":"2024-08-01T09:39:51","guid":{"rendered":"https:\/\/furka-arch.ch\/?page_id=1416"},"modified":"2024-08-01T15:51:59","modified_gmt":"2024-08-01T15:51:59","slug":"datenschutzerklaerung","status":"publish","type":"page","link":"https:\/\/furka-arch.ch\/?page_id=1416","title":{"rendered":"Datenschutzerkl\u00e4rung"},"content":{"rendered":"\n<h3 class=\"wp-block-heading has-black-color has-text-color has-link-color wp-elements-44150980b6278e1ca62ccd86710d61b2\">Datenschutzerkl\u00e4rung<\/h3>\n\n\n\n<p>FURKA Architektur GmbH ist finanziell und rechtlich unabh\u00e4ngig und richtet sich bei der Erfassung und Bearbeitung von personenbezogenen Daten nach den Bestimmungen des schweizerischen Datenschutzgesetzes sowie der europ\u00e4ischen DSGVO.<\/p>\n\n\n\n<p>Verantwortliche Stelle im Sinne der Datenschutzgesetze, insbesondere der EU-Datenschutzgrundverordnung (DSGVO), ist:<\/p>\n\n\n\n<p>FURKA Architektur GmbH<br>Klybeckstrasse 14<br>4057 Basel<\/p>\n\n\n\n<p>Mit der Nutzung der Website von FURKA Architektur GmbH geben Sie Ihre ausdr\u00fcckliche Zustimmung zu den nachfolgenden Bestimmungen.<\/p>\n\n\n\n<h3 class=\"wp-block-heading has-black-color has-text-color has-link-color wp-elements-6828393873ae5aba4b8d32b5fb58df0a\">Erfassung allgemeiner Informationen beim Besuch unserer Website<\/h3>\n\n\n\n<h4 class=\"wp-block-heading\">Art und Zweck der Verarbeitung<\/h4>\n\n\n\n<p>Wenn Sie unsere Website besuchen, werden automatisch Informationen allgemeiner Natur erfasst. Diese Informationen (Server-Logfiles) beinhalten etwa die Art des Webbrowsers, das verwendete Betriebssystem, den Domainnamen Ihres Internet-Service-Providers, Ihre IP-Adresse und \u00e4hnliches. Hierbei handelt es sich ausschliesslich um Informationen, welche keine R\u00fcckschl\u00fcsse auf Ihre Person zulassen.<\/p>\n\n\n\n<p>Informationen dieser Art werden von uns ggf. statistisch ausgewertet, um unseren Internetauftritt und die dahinterstehende Technik zu optimieren. Diese Daten werden dabei durch angemessene Massnahmen bei der \u00dcbermittlung (z.B. mittels SSL-Verschl\u00fcsselung) und Speicherung gesch\u00fctzt.<\/p>\n\n\n\n<p>Auf unserer Website wird Google Analytics nicht eingesetzt.<\/p>\n\n\n\n<h4 class=\"wp-block-heading\">Empf\u00e4nger<\/h4>\n\n\n\n<p>Empf\u00e4nger der Daten sind ggf. technische Dienstleister, die f\u00fcr den Betrieb und die Wartung unserer Webseite als Auftragsverarbeiter t\u00e4tig werden.<\/p>\n\n\n\n<h4 class=\"wp-block-heading\">Speicherdauer<\/h4>\n\n\n\n<p>Die Daten werden gel\u00f6scht, sobald diese f\u00fcr den Zweck der Erhebung nicht mehr erforderlich sind. Dies ist f\u00fcr die Daten, die der Bereitstellung der Webseite dienen, grunds\u00e4tzlich der Fall, wenn die jeweilige Sitzung beendet ist.<\/p>\n\n\n\n<h3 class=\"wp-block-heading has-black-color has-text-color has-link-color wp-elements-d838407704547a5fe2fdc11cafd10d26\">Cookies<\/h3>\n\n\n\n<h4 class=\"wp-block-heading\">Art und Zweck der Verarbeitung<\/h4>\n\n\n\n<p>Wie die meisten Webseiten verwendet unsere Website auch sogenannte \u00abCookies\u00bb. Cookies sind kleine Textdateien, die vom Webserver auf Ihre Festplatte \u00fcbertragen werden. Hierdurch erhalten wir automatisch bestimmte Daten wie z. B. IP-Adresse, verwendeter Browser, Betriebssystem und Ihre Verbindung zum Internet.<\/p>\n\n\n\n<p>Cookies k\u00f6nnen nicht verwendet werden, um Programme zu starten oder Viren auf einen Computer zu \u00fcbertragen. Anhand der in Cookies enthaltenen Informationen wird Ihnen die Navigation erleichtert und die korrekte Anzeige unserer Website erm\u00f6glicht.<\/p>\n\n\n\n<p>In keinem Fall werden die von uns erfassten Daten an Dritte weitergegeben oder ohne Ihre Einwilligung eine Verkn\u00fcpfung mit personenbezogenen Daten hergestellt.<\/p>\n\n\n\n<p>Drittanbieter wie Google, Facebook, Twitter und Instagram erbringen durch den Einsatz von Cookies weitere mit der Website-Nutzung und der Internetnutzung verbundene Dienstleistungen (z.B. Anzeigen) auf Grundlage vorheriger Besuche auf dieser oder anderen Websites.<\/p>\n\n\n\n<p>Nat\u00fcrlich k\u00f6nnen Sie unsere Website grunds\u00e4tzlich auch ohne Cookies betrachten. Internet-Browser sind standardm\u00e4ssig so eingestellt, dass sie Cookies akzeptieren. Sie k\u00f6nnen Cookies jederzeit \u00fcber die Einstellungen Ihres Browsers l\u00f6schen oder den Einsatz ganz deaktivieren. Bitte verwenden Sie die Hilfefunktionen Ihres Internetbrowsers, um zu erfahren, wie Sie diese Einstellungen \u00e4ndern k\u00f6nnen. Bitte beachten Sie, dass einzelne Funktionen unserer Website m\u00f6glicherweise nicht funktionieren, wenn Sie die Verwendung von Cookies deaktiviert haben.<\/p>\n\n\n\n<h3 class=\"wp-block-heading\">Widerruf der Einwilligung<\/h3>\n\n\n\n<p>Wenn Sie nicht m\u00f6chten, dass Google \u00fcber unseren Internetauftritt Daten \u00fcber Sie erhebt, verarbeitet oder nutzt, k\u00f6nnen Sie in Ihrem Browsereinstellungen JavaScript deaktivieren. In diesem Fall k\u00f6nnen Sie unsere Webseite jedoch nicht oder nur eingeschr\u00e4nkt nutzen.<\/p>\n\n\n\n<h3 class=\"wp-block-heading\">E-Mails<\/h3>\n\n\n\n<p>Bitte beachten Sie, dass E-Mails aus technischen Gr\u00fcnden m\u00f6glicherweise nicht durchgehend verschl\u00fcsselt \u00fcbertragen werden. E-Mails sind w\u00e4hrend der \u00dcbertragung allenfalls f\u00fcr Dritte einsehbar und manipulierbar, zudem k\u00f6nnen sie als Spam gefiltert und verloren gehen. Gesch\u00e4ftskorrespondenz und -unterlagen werden gem\u00e4ss gesetzlichen Bestimmungen w\u00e4hrend 10 Jahren gespeichert.<\/p>\n\n\n\n<h3 class=\"wp-block-heading\">SSL-Verschl\u00fcsselung<\/h3>\n\n\n\n<p>Um die Sicherheit Ihrer Daten bei der \u00dcbertragung zu sch\u00fctzen, verwenden wir dem aktuellen Stand der Technik entsprechende Verschl\u00fcsselungsverfahren (z. B. SSL) \u00fcber HTTPS.<\/p>\n\n\n\n<h3 class=\"wp-block-heading\">\u00c4nderung unserer Datenschutzbestimmungen<\/h3>\n\n\n\n<p>Wir behalten uns vor, diese Datenschutzerkl\u00e4rung anzupassen, damit sie stets den aktuellen rechtlichen Anforderungen entspricht oder um \u00c4nderungen unserer Leistungen in der Datenschutzerkl\u00e4rung umzusetzen, z.B. bei der Einf\u00fchrung neuer Services. F\u00fcr Ihren erneuten Besuch gilt dann die neue Datenschutzerkl\u00e4rung.<\/p>\n\n\n\n<h3 class=\"wp-block-heading\">Kontakt und Auskunft \u00fcber pers\u00f6nliche Daten<\/h3>\n\n\n\n<p>Sie haben ein Recht auf unentgeltliche Auskunft \u00fcber Ihre gespeicherten Daten sowie gegebenenfalls ein Recht auf Berichtigung oder L\u00f6schung dieser Daten.<\/p>\n\n\n\n<p>Wenn Sie Fragen zum Datenschutz haben, erreichen Sie die daf\u00fcr in unserem Unternehmen verantwortliche Person \u00fcber die E-Mail: <a href=\"mailto:furka@furka-arch.ch\">furka@furka-arch.ch<\/a>.<\/p>\n\n\n\n<p><em>Version 1. Januar 2024<\/em><\/p>\n","protected":false},"excerpt":{"rendered":"<p>Datenschutzerkl\u00e4rung FURKA Architektur GmbH ist finanziell und rechtlich unabh\u00e4ngig und richtet sich bei der Erfassung und Bearbeitung von personenbezogenen Daten nach den Bestimmungen des schweizerischen Datenschutzgesetzes sowie der europ\u00e4ischen DSGVO. Verantwortliche Stelle im Sinne der Datenschutzgesetze, insbesondere der EU-Datenschutzgrundverordnung (DSGVO), ist: FURKA Architektur GmbHKlybeckstrasse 144057 Basel Mit der Nutzung der Website von FURKA Architektur GmbH [&hellip;]<\/p>\n","protected":false},"author":1,"featured_media":0,"parent":0,"menu_order":0,"comment_status":"closed","ping_status":"open","template":"","meta":{"footnotes":""},"class_list":["post-1416","page","type-page","status-publish","hentry"],"yoast_head":"<!-- This site is optimized with the Yoast SEO plugin v27.5 - https:\/\/yoast.com\/product\/yoast-seo-wordpress\/ -->\n<title>Datenschutzerkl\u00e4rung - FURKA Architektur GmbH<\/title>\n<meta name=\"robots\" content=\"index, follow, max-snippet:-1, max-image-preview:large, max-video-preview:-1\" \/>\n<link rel=\"canonical\" href=\"https:\/\/furka-arch.ch\/?page_id=1416\" \/>\n<meta property=\"og:locale\" content=\"de_DE\" \/>\n<meta property=\"og:type\" content=\"article\" \/>\n<meta property=\"og:title\" content=\"Datenschutzerkl\u00e4rung - FURKA Architektur GmbH\" \/>\n<meta property=\"og:description\" content=\"Datenschutzerkl\u00e4rung FURKA Architektur GmbH ist finanziell und rechtlich unabh\u00e4ngig und richtet sich bei der Erfassung und Bearbeitung von personenbezogenen Daten nach den Bestimmungen des schweizerischen Datenschutzgesetzes sowie der europ\u00e4ischen DSGVO. Verantwortliche Stelle im Sinne der Datenschutzgesetze, insbesondere der EU-Datenschutzgrundverordnung (DSGVO), ist: FURKA Architektur GmbHKlybeckstrasse 144057 Basel Mit der Nutzung der Website von FURKA Architektur GmbH [&hellip;]\" \/>\n<meta property=\"og:url\" content=\"https:\/\/furka-arch.ch\/?page_id=1416\" \/>\n<meta property=\"og:site_name\" content=\"FURKA Architektur GmbH\" \/>\n<meta property=\"article:modified_time\" content=\"2024-08-01T15:51:59+00:00\" \/>\n<meta property=\"og:image\" content=\"https:\/\/furka-arch.ch\/wp-content\/uploads\/2023\/04\/Furkapass-e1682061543211.jpg?v=1682060959\" \/>\n\t<meta property=\"og:image:width\" content=\"1365\" \/>\n\t<meta property=\"og:image:height\" content=\"1365\" \/>\n\t<meta property=\"og:image:type\" content=\"image\/jpeg\" \/>\n<meta name=\"twitter:card\" content=\"summary_large_image\" \/>\n<meta name=\"twitter:label1\" content=\"Gesch\u00e4tzte Lesezeit\" \/>\n\t<meta name=\"twitter:data1\" content=\"4\u00a0Minuten\" \/>\n<script type=\"application\/ld+json\" class=\"yoast-schema-graph\">{\"@context\":\"https:\\\/\\\/schema.org\",\"@graph\":[{\"@type\":\"WebPage\",\"@id\":\"https:\\\/\\\/furka-arch.ch\\\/?page_id=1416\",\"url\":\"https:\\\/\\\/furka-arch.ch\\\/?page_id=1416\",\"name\":\"Datenschutzerkl\u00e4rung - FURKA Architektur GmbH\",\"isPartOf\":{\"@id\":\"https:\\\/\\\/furka-arch.ch\\\/#website\"},\"datePublished\":\"2024-08-01T09:39:51+00:00\",\"dateModified\":\"2024-08-01T15:51:59+00:00\",\"breadcrumb\":{\"@id\":\"https:\\\/\\\/furka-arch.ch\\\/?page_id=1416#breadcrumb\"},\"inLanguage\":\"de\",\"potentialAction\":[{\"@type\":\"ReadAction\",\"target\":[\"https:\\\/\\\/furka-arch.ch\\\/?page_id=1416\"]}]},{\"@type\":\"BreadcrumbList\",\"@id\":\"https:\\\/\\\/furka-arch.ch\\\/?page_id=1416#breadcrumb\",\"itemListElement\":[{\"@type\":\"ListItem\",\"position\":1,\"name\":\"Startseite\",\"item\":\"https:\\\/\\\/furka-arch.ch\\\/\"},{\"@type\":\"ListItem\",\"position\":2,\"name\":\"Datenschutzerkl\u00e4rung\"}]},{\"@type\":\"WebSite\",\"@id\":\"https:\\\/\\\/furka-arch.ch\\\/#website\",\"url\":\"https:\\\/\\\/furka-arch.ch\\\/\",\"name\":\"FURKA Architektur GmbH\",\"description\":\"Architekturb\u00fcro in Basel\",\"publisher\":{\"@id\":\"https:\\\/\\\/furka-arch.ch\\\/#organization\"},\"potentialAction\":[{\"@type\":\"SearchAction\",\"target\":{\"@type\":\"EntryPoint\",\"urlTemplate\":\"https:\\\/\\\/furka-arch.ch\\\/?s={search_term_string}\"},\"query-input\":{\"@type\":\"PropertyValueSpecification\",\"valueRequired\":true,\"valueName\":\"search_term_string\"}}],\"inLanguage\":\"de\"},{\"@type\":\"Organization\",\"@id\":\"https:\\\/\\\/furka-arch.ch\\\/#organization\",\"name\":\"FURKA Architektur GmbH\",\"url\":\"https:\\\/\\\/furka-arch.ch\\\/\",\"logo\":{\"@type\":\"ImageObject\",\"inLanguage\":\"de\",\"@id\":\"https:\\\/\\\/furka-arch.ch\\\/#\\\/schema\\\/logo\\\/image\\\/\",\"url\":\"https:\\\/\\\/furka-arch.ch\\\/wp-content\\\/uploads\\\/2025\\\/06\\\/Logo-FURKA-gross-weiss-Tessin.jpg?v=1750237938\",\"contentUrl\":\"https:\\\/\\\/furka-arch.ch\\\/wp-content\\\/uploads\\\/2025\\\/06\\\/Logo-FURKA-gross-weiss-Tessin.jpg?v=1750237938\",\"width\":1000,\"height\":1000,\"caption\":\"FURKA Architektur GmbH\"},\"image\":{\"@id\":\"https:\\\/\\\/furka-arch.ch\\\/#\\\/schema\\\/logo\\\/image\\\/\"}}]}<\/script>\n<!-- \/ Yoast SEO plugin. -->","yoast_head_json":{"title":"Datenschutzerkl\u00e4rung - FURKA Architektur GmbH","robots":{"index":"index","follow":"follow","max-snippet":"max-snippet:-1","max-image-preview":"max-image-preview:large","max-video-preview":"max-video-preview:-1"},"canonical":"https:\/\/furka-arch.ch\/?page_id=1416","og_locale":"de_DE","og_type":"article","og_title":"Datenschutzerkl\u00e4rung - FURKA Architektur GmbH","og_description":"Datenschutzerkl\u00e4rung FURKA Architektur GmbH ist finanziell und rechtlich unabh\u00e4ngig und richtet sich bei der Erfassung und Bearbeitung von personenbezogenen Daten nach den Bestimmungen des schweizerischen Datenschutzgesetzes sowie der europ\u00e4ischen DSGVO. Verantwortliche Stelle im Sinne der Datenschutzgesetze, insbesondere der EU-Datenschutzgrundverordnung (DSGVO), ist: FURKA Architektur GmbHKlybeckstrasse 144057 Basel Mit der Nutzung der Website von FURKA Architektur GmbH [&hellip;]","og_url":"https:\/\/furka-arch.ch\/?page_id=1416","og_site_name":"FURKA Architektur GmbH","article_modified_time":"2024-08-01T15:51:59+00:00","og_image":[{"width":1365,"height":1365,"url":"https:\/\/furka-arch.ch\/wp-content\/uploads\/2023\/04\/Furkapass-e1682061543211.jpg?v=1682060959","type":"image\/jpeg"}],"twitter_card":"summary_large_image","twitter_misc":{"Gesch\u00e4tzte Lesezeit":"4\u00a0Minuten"},"schema":{"@context":"https:\/\/schema.org","@graph":[{"@type":"WebPage","@id":"https:\/\/furka-arch.ch\/?page_id=1416","url":"https:\/\/furka-arch.ch\/?page_id=1416","name":"Datenschutzerkl\u00e4rung - FURKA Architektur GmbH","isPartOf":{"@id":"https:\/\/furka-arch.ch\/#website"},"datePublished":"2024-08-01T09:39:51+00:00","dateModified":"2024-08-01T15:51:59+00:00","breadcrumb":{"@id":"https:\/\/furka-arch.ch\/?page_id=1416#breadcrumb"},"inLanguage":"de","potentialAction":[{"@type":"ReadAction","target":["https:\/\/furka-arch.ch\/?page_id=1416"]}]},{"@type":"BreadcrumbList","@id":"https:\/\/furka-arch.ch\/?page_id=1416#breadcrumb","itemListElement":[{"@type":"ListItem","position":1,"name":"Startseite","item":"https:\/\/furka-arch.ch\/"},{"@type":"ListItem","position":2,"name":"Datenschutzerkl\u00e4rung"}]},{"@type":"WebSite","@id":"https:\/\/furka-arch.ch\/#website","url":"https:\/\/furka-arch.ch\/","name":"FURKA Architektur GmbH","description":"Architekturb\u00fcro in Basel","publisher":{"@id":"https:\/\/furka-arch.ch\/#organization"},"potentialAction":[{"@type":"SearchAction","target":{"@type":"EntryPoint","urlTemplate":"https:\/\/furka-arch.ch\/?s={search_term_string}"},"query-input":{"@type":"PropertyValueSpecification","valueRequired":true,"valueName":"search_term_string"}}],"inLanguage":"de"},{"@type":"Organization","@id":"https:\/\/furka-arch.ch\/#organization","name":"FURKA Architektur GmbH","url":"https:\/\/furka-arch.ch\/","logo":{"@type":"ImageObject","inLanguage":"de","@id":"https:\/\/furka-arch.ch\/#\/schema\/logo\/image\/","url":"https:\/\/furka-arch.ch\/wp-content\/uploads\/2025\/06\/Logo-FURKA-gross-weiss-Tessin.jpg?v=1750237938","contentUrl":"https:\/\/furka-arch.ch\/wp-content\/uploads\/2025\/06\/Logo-FURKA-gross-weiss-Tessin.jpg?v=1750237938","width":1000,"height":1000,"caption":"FURKA Architektur GmbH"},"image":{"@id":"https:\/\/furka-arch.ch\/#\/schema\/logo\/image\/"}}]}},"_links":{"self":[{"href":"https:\/\/furka-arch.ch\/index.php?rest_route=\/wp\/v2\/pages\/1416","targetHints":{"allow":["GET"]}}],"collection":[{"href":"https:\/\/furka-arch.ch\/index.php?rest_route=\/wp\/v2\/pages"}],"about":[{"href":"https:\/\/furka-arch.ch\/index.php?rest_route=\/wp\/v2\/types\/page"}],"author":[{"embeddable":true,"href":"https:\/\/furka-arch.ch\/index.php?rest_route=\/wp\/v2\/users\/1"}],"replies":[{"embeddable":true,"href":"https:\/\/furka-arch.ch\/index.php?rest_route=%2Fwp%2Fv2%2Fcomments&post=1416"}],"version-history":[{"count":3,"href":"https:\/\/furka-arch.ch\/index.php?rest_route=\/wp\/v2\/pages\/1416\/revisions"}],"predecessor-version":[{"id":1427,"href":"https:\/\/furka-arch.ch\/index.php?rest_route=\/wp\/v2\/pages\/1416\/revisions\/1427"}],"wp:attachment":[{"href":"https:\/\/furka-arch.ch\/index.php?rest_route=%2Fwp%2Fv2%2Fmedia&parent=1416"}],"curies":[{"name":"wp","href":"https:\/\/api.w.org\/{rel}","templated":true}]}}